{"id":2873,"date":"2020-01-12T12:30:53","date_gmt":"2020-01-12T11:30:53","guid":{"rendered":"https:\/\/hgfhammel.dk\/loeb\/?page_id=2873"},"modified":"2020-01-12T12:37:21","modified_gmt":"2020-01-12T11:37:21","slug":"2019-2","status":"publish","type":"page","link":"https:\/\/hgfhammel.dk\/loeb\/2019-2\/","title":{"rendered":"2019"},"content":{"rendered":"<p>&nbsp;<\/p>\n<table style=\"height: 1794px;\" width=\"100%\">\n<tbody>\n<tr style=\"height: 23px;\">\n<td style=\"width: 1106px; height: 23px;\" colspan=\"5\"><strong>Herrer &#8211; Rangliste &#8211; 10 km &#8211; HGF<\/strong><\/td>\n<\/tr>\n<tr style=\"height: 23px;\">\n<td style=\"width: 58px; height: 23px;\"><strong>Nr.<\/strong><\/td>\n<td style=\"width: 349px; height: 23px;\"><strong>Navn<\/strong><\/td>\n<td style=\"width: 160px; height: 23px;\"><strong>Tid<\/strong><\/td>\n<td style=\"width: 349px; height: 23px;\"><strong>L\u00f8b<\/strong><\/td>\n<td style=\"width: 166px; height: 23px;\"><strong>Dato<\/strong><\/td>\n<\/tr>\n<tr style=\"height: 23px;\">\n<td style=\"width: 58px; height: 23px;\">1<\/td>\n<td style=\"width: 349px; height: 23px;\">Niels Ole Falbe-Hansen<\/td>\n<td style=\"width: 160px; height: 23px;\">39.19<\/td>\n<td style=\"width: 349px; height: 23px;\">Royal Run Aarhus<\/td>\n<td style=\"width: 166px; height: 23px;\">10.06.2019<\/td>\n<\/tr>\n<tr style=\"height: 23px;\">\n<td style=\"width: 58px; height: 23px;\">2<\/td>\n<td style=\"width: 349px; height: 23px;\">Torben Jensen<\/td>\n<td style=\"width: 160px; height: 23px;\">41.26<\/td>\n<td style=\"width: 349px; height: 23px;\">Royal Run Aarhus<\/td>\n<td style=\"width: 166px; height: 23px;\">10.06.2019<\/td>\n<\/tr>\n<tr style=\"height: 23px;\">\n<td style=\"width: 58px; height: 23px;\">3<\/td>\n<td style=\"width: 349px; height: 23px;\">Lars Julius<\/td>\n<td style=\"width: 160px; height: 23px;\">44.18<\/td>\n<td style=\"width: 349px; height: 23px;\">10 Km Klubmesterskab<\/td>\n<td style=\"width: 166px; height: 23px;\">16.11.2019<\/td>\n<\/tr>\n<tr style=\"height: 23px;\">\n<td style=\"width: 58px; height: 23px;\">4<\/td>\n<td style=\"width: 349px; height: 23px;\">Jan Nissen<\/td>\n<td style=\"width: 160px; height: 23px;\">44.55<\/td>\n<td style=\"width: 349px; height: 23px;\">10 Km Klubmesterskab<\/td>\n<td style=\"width: 166px; height: 23px;\">16.11.2019<\/td>\n<\/tr>\n<tr style=\"height: 23px;\">\n<td style=\"width: 58px; height: 23px;\">5<\/td>\n<td style=\"width: 349px; height: 23px;\">Simon Boye Poulsen<\/td>\n<td style=\"width: 160px; height: 23px;\">45.53<\/td>\n<td style=\"width: 349px; height: 23px;\">10 Km Klubmesterskab<\/td>\n<td style=\"width: 166px; height: 23px;\">16.11.2019<\/td>\n<\/tr>\n<tr style=\"height: 23px;\">\n<td style=\"width: 58px; height: 23px;\">6<\/td>\n<td style=\"width: 349px; height: 23px;\">Christian Dolberg<\/td>\n<td style=\"width: 160px; height: 23px;\">46.14<\/td>\n<td style=\"width: 349px; height: 23px;\">10 Km Klubmesterskab<\/td>\n<td style=\"width: 166px; height: 23px;\">16.11.2019<\/td>\n<\/tr>\n<tr style=\"height: 23px;\">\n<td style=\"width: 58px; height: 23px;\">7<\/td>\n<td style=\"width: 349px; height: 23px;\">Ulrik Enggaard<\/td>\n<td style=\"width: 160px; height: 23px;\">47.00<\/td>\n<td style=\"width: 349px; height: 23px;\">HC Andersen Odense<\/td>\n<td style=\"width: 166px; height: 23px;\">29.09.2109<\/td>\n<\/tr>\n<tr style=\"height: 23px;\">\n<td style=\"width: 58px; height: 23px;\">8<\/td>\n<td style=\"width: 349px; height: 23px;\">Nikolaj Wadsholt<\/td>\n<td style=\"width: 160px; height: 23px;\">48.07<\/td>\n<td style=\"width: 349px; height: 23px;\">10 Km Klubmesterskab<\/td>\n<td style=\"width: 166px; height: 23px;\">16.11.2019<\/td>\n<\/tr>\n<tr style=\"height: 23px;\">\n<td style=\"width: 58px; height: 23px;\">9<\/td>\n<td style=\"width: 349px; height: 23px;\">Frits Olsen<\/td>\n<td style=\"width: 160px; height: 23px;\">48.54<\/td>\n<td style=\"width: 349px; height: 23px;\">10 Km Klubmesterskab<\/td>\n<td style=\"width: 166px; height: 23px;\">16.11.2019<\/td>\n<\/tr>\n<tr style=\"height: 23px;\">\n<td style=\"width: 58px; height: 23px;\">10<\/td>\n<td style=\"width: 349px; height: 23px;\">Lars Poulsen<\/td>\n<td style=\"width: 160px; height: 23px;\">49.24<\/td>\n<td style=\"width: 349px; height: 23px;\">10 Km Klubmesterskab<\/td>\n<td style=\"width: 166px; height: 23px;\">16.11.2019<\/td>\n<\/tr>\n<tr style=\"height: 23px;\">\n<td style=\"width: 58px; height: 23px;\">11<\/td>\n<td style=\"width: 349px; height: 23px;\">Carsten \u00d8stergaard<\/td>\n<td style=\"width: 160px; height: 23px;\">49.41<\/td>\n<td style=\"width: 349px; height: 23px;\">10 Km Klubmesterskab<\/td>\n<td style=\"width: 166px; height: 23px;\">16.11.2019<\/td>\n<\/tr>\n<tr style=\"height: 23px;\">\n<td style=\"width: 58px; height: 23px;\">12<\/td>\n<td style=\"width: 349px; height: 23px;\">Lars Simonsen<\/td>\n<td style=\"width: 160px; height: 23px;\">50.31<\/td>\n<td style=\"width: 349px; height: 23px;\">10 Km Klubmesterskab<\/td>\n<td style=\"width: 166px; height: 23px;\">16.11.2019<\/td>\n<\/tr>\n<tr style=\"height: 23px;\">\n<td style=\"width: 58px; height: 23px;\">13<\/td>\n<td style=\"width: 349px; height: 23px;\">Michael Boye Hansen<\/td>\n<td style=\"width: 160px; height: 23px;\">50.31<\/td>\n<td style=\"width: 349px; height: 23px;\">10 Km Klubmesterskab<\/td>\n<td style=\"width: 166px; height: 23px;\">16.11.2019<\/td>\n<\/tr>\n<tr style=\"height: 23px;\">\n<td style=\"width: 58px; height: 23px;\">14<\/td>\n<td style=\"width: 349px; height: 23px;\">Lars Vilhelmsen<\/td>\n<td style=\"width: 160px; height: 23px;\">51.31<\/td>\n<td style=\"width: 349px; height: 23px;\">10 Km Klubmesterskab<\/td>\n<td style=\"width: 166px; height: 23px;\">16.11.2019<\/td>\n<\/tr>\n<tr style=\"height: 23px;\">\n<td style=\"width: 58px; height: 23px;\">15<\/td>\n<td style=\"width: 349px; height: 23px;\">J\u00f8rgen Brandt-Larsen<\/td>\n<td style=\"width: 160px; height: 23px;\">53.55<\/td>\n<td style=\"width: 349px; height: 23px;\">10 Km Klubmesterskab<\/td>\n<td style=\"width: 166px; height: 23px;\">16.11.2019<\/td>\n<\/tr>\n<tr style=\"height: 23px;\">\n<td style=\"width: 58px; height: 23px;\">16<\/td>\n<td style=\"width: 349px; height: 23px;\">Brian Thorsgaard<\/td>\n<td style=\"width: 160px; height: 23px;\">56.42<\/td>\n<td style=\"width: 349px; height: 23px;\">10 Km Klubmesterskab<\/td>\n<td style=\"width: 166px; height: 23px;\">16.11.2019<\/td>\n<\/tr>\n<tr style=\"height: 23px;\">\n<td style=\"width: 58px; height: 23px;\">17<\/td>\n<td style=\"width: 349px; height: 23px;\">Ole Fogh Nielsen<\/td>\n<td style=\"width: 160px; height: 23px;\">1.00.03<\/td>\n<td style=\"width: 349px; height: 23px;\">Ree Park Safari Run<\/td>\n<td style=\"width: 166px; height: 23px;\">28.04.2019<\/td>\n<\/tr>\n<tr style=\"height: 23px;\">\n<td style=\"width: 58px; height: 23px;\">18<\/td>\n<td style=\"width: 349px; height: 23px;\">Erik Meldgaard<\/td>\n<td style=\"width: 160px; height: 23px;\">1.05.09<\/td>\n<td style=\"width: 349px; height: 23px;\">10 Km Klubmesterskab<\/td>\n<td style=\"width: 166px; height: 23px;\">16.11.2019<\/td>\n<\/tr>\n<tr style=\"height: 23px;\">\n<td style=\"width: 58px; height: 23px;\">19<\/td>\n<td style=\"width: 349px; height: 23px;\">Flemming Siegfredsen<\/td>\n<td style=\"width: 160px; height: 23px;\">1.09.30<\/td>\n<td style=\"width: 349px; height: 23px;\">10 Km Klubmesterskab<\/td>\n<td style=\"width: 166px; height: 23px;\">16.11.2019<\/td>\n<\/tr>\n<tr style=\"height: 23px;\">\n<td style=\"width: 58px; height: 23px;\">20<\/td>\n<td style=\"width: 349px; height: 23px;\">Michael Geertsen<\/td>\n<td style=\"width: 160px; height: 23px;\">1.10.51<\/td>\n<td style=\"width: 349px; height: 23px;\">10 Km Klubmesterskab<\/td>\n<td style=\"width: 166px; height: 23px;\">16.11.2019<\/td>\n<\/tr>\n<tr style=\"height: 23px;\">\n<td style=\"width: 58px; height: 23px;\">21<\/td>\n<td style=\"width: 349px; height: 23px;\"><\/td>\n<td style=\"width: 160px; height: 23px;\"><\/td>\n<td style=\"width: 349px; height: 23px;\"><\/td>\n<td style=\"width: 166px; height: 23px;\"><\/td>\n<\/tr>\n<tr style=\"height: 23px;\">\n<td style=\"width: 58px; height: 23px;\">22<\/td>\n<td style=\"width: 349px; height: 23px;\"><\/td>\n<td style=\"width: 160px; height: 23px;\"><\/td>\n<td style=\"width: 349px; height: 23px;\"><\/td>\n<td style=\"width: 166px; height: 23px;\"><\/td>\n<\/tr>\n<tr style=\"height: 23px;\">\n<td style=\"width: 1106px; height: 23px;\" colspan=\"5\"><\/td>\n<\/tr>\n<tr style=\"height: 23px;\">\n<td style=\"width: 1106px; height: 23px;\" colspan=\"5\"><\/td>\n<\/tr>\n<tr style=\"height: 23px;\">\n<td style=\"width: 1106px; height: 23px;\" colspan=\"5\"><\/td>\n<\/tr>\n<tr style=\"height: 23px;\">\n<td style=\"width: 1106px; height: 23px;\" colspan=\"5\"><strong>Damer &#8211; Rangliste &#8211; 10 km \u2013 HGF<\/strong><\/td>\n<\/tr>\n<tr style=\"height: 23px;\">\n<td style=\"width: 58px; height: 23px;\"><strong>Nr.<\/strong><\/td>\n<td style=\"width: 349px; height: 23px;\"><strong>Navn<\/strong><\/td>\n<td style=\"width: 160px; height: 23px;\"><strong>Tid<\/strong><\/td>\n<td style=\"width: 349px; height: 23px;\"><strong>L\u00f8b<\/strong><\/td>\n<td style=\"width: 166px; height: 23px;\"><strong>Dato<\/strong><\/td>\n<\/tr>\n<tr style=\"height: 23px;\">\n<td style=\"width: 58px; height: 23px;\">1<\/td>\n<td style=\"width: 349px; height: 23px;\">Annette Hansen<\/td>\n<td style=\"width: 160px; height: 23px;\">56.35<\/td>\n<td style=\"width: 349px; height: 23px;\">Kamstrup Nyt\u00e5rs Cuppen 2 runde<\/td>\n<td style=\"width: 166px; height: 23px;\">17.11.2019<\/td>\n<\/tr>\n<tr style=\"height: 23px;\">\n<td style=\"width: 58px; height: 23px;\">2<\/td>\n<td style=\"width: 349px; height: 23px;\">Camille Haurum<\/td>\n<td style=\"width: 160px; height: 23px;\">59.15<\/td>\n<td style=\"width: 349px; height: 23px;\">10 Km Klubmesterskab<\/td>\n<td style=\"width: 166px; height: 23px;\">16.11.2019<\/td>\n<\/tr>\n<tr style=\"height: 23px;\">\n<td style=\"width: 58px; height: 23px;\">3<\/td>\n<td style=\"width: 349px; height: 23px;\">Helle S. Nielsen<\/td>\n<td style=\"width: 160px; height: 23px;\">59.26<\/td>\n<td style=\"width: 349px; height: 23px;\">Washington Marine Corps<\/td>\n<td style=\"width: 166px; height: 23px;\">27.10.2019<\/td>\n<\/tr>\n<tr style=\"height: 23px;\">\n<td style=\"width: 58px; height: 23px;\">4<\/td>\n<td style=\"width: 349px; height: 23px;\">Reda Grazinskine<\/td>\n<td style=\"width: 160px; height: 23px;\">1.00.36<\/td>\n<td style=\"width: 349px; height: 23px;\">10 Km Klubmesterskab<\/td>\n<td style=\"width: 166px; height: 23px;\">16.11.2019<\/td>\n<\/tr>\n<tr style=\"height: 23px;\">\n<td style=\"width: 58px; height: 23px;\">5<\/td>\n<td style=\"width: 349px; height: 23px;\">Mie Schwartz<\/td>\n<td style=\"width: 160px; height: 23px;\">1.11.17<\/td>\n<td style=\"width: 349px; height: 23px;\">Washington Marine Corps<\/td>\n<td style=\"width: 166px; height: 23px;\">27.10.2019<\/td>\n<\/tr>\n<tr style=\"height: 23px;\">\n<td style=\"width: 58px; height: 23px;\">6<\/td>\n<td style=\"width: 349px; height: 23px;\">Anette Kehlet Jensen<\/td>\n<td style=\"width: 160px; height: 23px;\">1.43.36<\/td>\n<td style=\"width: 349px; height: 23px;\">Costa Magica Cruise Skib Caribien<\/td>\n<td style=\"width: 166px; height: 23px;\">09.03.2019<\/td>\n<\/tr>\n<tr style=\"height: 23px;\">\n<td style=\"width: 58px; height: 23px;\">7<\/td>\n<td style=\"width: 349px; height: 23px;\"><\/td>\n<td style=\"width: 160px; height: 23px;\"><\/td>\n<td style=\"width: 349px; height: 23px;\"><\/td>\n<td style=\"width: 166px; height: 23px;\"><\/td>\n<\/tr>\n<tr style=\"height: 23px;\">\n<td style=\"width: 58px; height: 23px;\">8<\/td>\n<td style=\"width: 349px; height: 23px;\"><\/td>\n<td style=\"width: 160px; height: 23px;\"><\/td>\n<td style=\"width: 349px; height: 23px;\"><\/td>\n<td style=\"width: 166px; height: 23px;\"><\/td>\n<\/tr>\n<tr style=\"height: 23px;\">\n<td style=\"width: 58px; height: 23px;\">9<\/td>\n<td style=\"width: 349px; height: 23px;\"><\/td>\n<td style=\"width: 160px; height: 23px;\"><\/td>\n<td style=\"width: 349px; height: 23px;\"><\/td>\n<td style=\"width: 166px; height: 23px;\"><\/td>\n<\/tr>\n<tr style=\"height: 23px;\">\n<td style=\"width: 1106px; height: 23px;\" colspan=\"5\"><\/td>\n<\/tr>\n<tr style=\"height: 23px;\">\n<td style=\"width: 1106px; height: 23px;\" colspan=\"5\"><\/td>\n<\/tr>\n<tr style=\"height: 23px;\">\n<td style=\"width: 1106px; height: 23px;\" colspan=\"5\"><\/td>\n<\/tr>\n<tr style=\"height: 23px;\">\n<td style=\"width: 1106px; height: 23px;\" colspan=\"5\"><strong>Herrer &#8211; Rangliste &#8211; Halvmaraton &#8211; HGF<\/strong><\/td>\n<\/tr>\n<tr style=\"height: 23px;\">\n<td style=\"width: 58px; height: 23px;\"><strong>Nr.<\/strong><\/td>\n<td style=\"width: 349px; height: 23px;\"><strong>Navn<\/strong><\/td>\n<td style=\"width: 160px; height: 23px;\"><strong>Tid<\/strong><\/td>\n<td style=\"width: 349px; height: 23px;\"><strong>L\u00f8b<\/strong><\/td>\n<td style=\"width: 166px; height: 23px;\"><strong>Dato<\/strong><\/td>\n<\/tr>\n<tr style=\"height: 23px;\">\n<td style=\"width: 58px; height: 23px;\">1<\/td>\n<td style=\"width: 349px; height: 23px;\">Niels Ole Falbe-hansen<\/td>\n<td style=\"width: 160px; height: 23px;\">1.29.44<\/td>\n<td style=\"width: 349px; height: 23px;\">Kiel 1\/2 Marathon<\/td>\n<td style=\"width: 166px; height: 23px;\">24.02.2019<\/td>\n<\/tr>\n<tr style=\"height: 23px;\">\n<td style=\"width: 58px; height: 23px;\">2<\/td>\n<td style=\"width: 349px; height: 23px;\">Lars Julius<\/td>\n<td style=\"width: 160px; height: 23px;\">1.32.42<\/td>\n<td style=\"width: 349px; height: 23px;\">Ry 1\/2 Marathon<\/td>\n<td style=\"width: 166px; height: 23px;\">23.03.2019<\/td>\n<\/tr>\n<tr style=\"height: 23px;\">\n<td style=\"width: 58px; height: 23px;\">3<\/td>\n<td style=\"width: 349px; height: 23px;\">Torben Jensen<\/td>\n<td style=\"width: 160px; height: 23px;\">1.35.10<\/td>\n<td style=\"width: 349px; height: 23px;\">Slots-s\u00f8 l\u00f8bet Gr\u00e5sten<\/td>\n<td style=\"width: 166px; height: 23px;\">07.04.2019<\/td>\n<\/tr>\n<tr style=\"height: 23px;\">\n<td style=\"width: 58px; height: 23px;\">4<\/td>\n<td style=\"width: 349px; height: 23px;\">Frits Olsen<\/td>\n<td style=\"width: 160px; height: 23px;\">1.43.02<\/td>\n<td style=\"width: 349px; height: 23px;\">Tr\u00e6ksti 1\/2 Marathon<\/td>\n<td style=\"width: 166px; height: 23px;\">05.06.2019<\/td>\n<\/tr>\n<tr style=\"height: 23px;\">\n<td style=\"width: 58px; height: 22px;\">5<\/td>\n<td style=\"width: 349px; height: 22px;\">Henrik Nielsen<\/td>\n<td style=\"width: 160px; height: 22px;\">1.44.52<\/td>\n<td style=\"width: 349px; height: 22px;\">\u00c5rhus City 1\/2 Marathon<\/td>\n<td style=\"width: 166px; height: 22px;\">16.06.2019<\/td>\n<\/tr>\n<tr style=\"height: 23px;\">\n<td style=\"width: 58px; height: 23px;\">6<\/td>\n<td style=\"width: 349px; height: 23px;\">Lars Simonsen<\/td>\n<td style=\"width: 160px; height: 23px;\">1.48.40<\/td>\n<td style=\"width: 349px; height: 23px;\">\u00c5rhus City 1\/2 Marathon<\/td>\n<td style=\"width: 166px; height: 23px;\">16.06.2019<\/td>\n<\/tr>\n<tr style=\"height: 23px;\">\n<td style=\"width: 58px; height: 23px;\">7<\/td>\n<td style=\"width: 349px; height: 23px;\">Torben M\u00f8ller<\/td>\n<td style=\"width: 160px; height: 23px;\">1.51.49<\/td>\n<td style=\"width: 349px; height: 23px;\">\u00c5rhus City 1\/2 Marathon<\/td>\n<td style=\"width: 166px; height: 23px;\">16.06.2019<\/td>\n<\/tr>\n<tr style=\"height: 23px;\">\n<td style=\"width: 58px; height: 23px;\">8<\/td>\n<td style=\"width: 349px; height: 23px;\">Carsten \u00d8stergaard<\/td>\n<td style=\"width: 160px; height: 23px;\">1.52.21<\/td>\n<td style=\"width: 349px; height: 23px;\">HC Andersen Odense<\/td>\n<td style=\"width: 166px; height: 23px;\">29.09.2019<\/td>\n<\/tr>\n<tr style=\"height: 23px;\">\n<td style=\"width: 58px; height: 23px;\">9<\/td>\n<td style=\"width: 349px; height: 23px;\">S\u00f8ren Holten<\/td>\n<td style=\"width: 160px; height: 23px;\">1.52.42<\/td>\n<td style=\"width: 349px; height: 23px;\">\u00c5rhus City 1\/2 Marathon<\/td>\n<td style=\"width: 166px; height: 23px;\">16.06.2019<\/td>\n<\/tr>\n<tr style=\"height: 23px;\">\n<td style=\"width: 58px; height: 23px;\">10<\/td>\n<td style=\"width: 349px; height: 23px;\">Christian Dolberg<\/td>\n<td style=\"width: 160px; height: 23px;\">1.52.52<\/td>\n<td style=\"width: 349px; height: 23px;\">Mols Bjerge<\/td>\n<td style=\"width: 166px; height: 23px;\">21.09.2019<\/td>\n<\/tr>\n<tr style=\"height: 23px;\">\n<td style=\"width: 58px; height: 23px;\">11<\/td>\n<td style=\"width: 349px; height: 23px;\">Finn Nielsen<\/td>\n<td style=\"width: 160px; height: 23px;\">1.52.58<\/td>\n<td style=\"width: 349px; height: 23px;\">Tr\u00e6ksti 1\/2 Marathon<\/td>\n<td style=\"width: 166px; height: 23px;\">05.06.2019<\/td>\n<\/tr>\n<tr style=\"height: 23px;\">\n<td style=\"width: 58px; height: 23px;\">12<\/td>\n<td style=\"width: 349px; height: 23px;\">Lars Vilhelmsen<\/td>\n<td style=\"width: 160px; height: 23px;\">1.55.36<\/td>\n<td style=\"width: 349px; height: 23px;\">\u00c5rhus City 1\/2 Marathon<\/td>\n<td style=\"width: 166px; height: 23px;\">16.06.2019<\/td>\n<\/tr>\n<tr style=\"height: 23px;\">\n<td style=\"width: 58px; height: 23px;\">13<\/td>\n<td style=\"width: 349px; height: 23px;\">Flemming Siegfredsen<\/td>\n<td style=\"width: 160px; height: 23px;\">2.26.30<\/td>\n<td style=\"width: 349px; height: 23px;\">\u00c5rhus City 1\/2 Marathon<\/td>\n<td style=\"width: 166px; height: 23px;\">16.06.2019<\/td>\n<\/tr>\n<tr style=\"height: 23px;\">\n<td style=\"width: 58px; height: 23px;\">14<\/td>\n<td style=\"width: 349px; height: 23px;\"><\/td>\n<td style=\"width: 160px; height: 23px;\"><\/td>\n<td style=\"width: 349px; height: 23px;\"><\/td>\n<td style=\"width: 166px; height: 23px;\"><\/td>\n<\/tr>\n<tr style=\"height: 23px;\">\n<td style=\"width: 1106px; height: 23px;\" colspan=\"5\"><\/td>\n<\/tr>\n<tr style=\"height: 23px;\">\n<td style=\"width: 1106px; height: 23px;\" colspan=\"5\"><\/td>\n<\/tr>\n<tr style=\"height: 23px;\">\n<td style=\"width: 1106px; height: 23px;\" colspan=\"5\"><\/td>\n<\/tr>\n<tr style=\"height: 23px;\">\n<td style=\"width: 1106px; height: 23px;\" colspan=\"5\"><strong>Damer &#8211; Rangliste &#8211; Halvmaraton &#8211; HGF<\/strong><\/td>\n<\/tr>\n<tr style=\"height: 23px;\">\n<td style=\"width: 58px; height: 23px;\"><strong>Nr.<\/strong><\/td>\n<td style=\"width: 349px; height: 23px;\"><strong>Navn<\/strong><\/td>\n<td style=\"width: 160px; height: 23px;\"><strong>Tid<\/strong><\/td>\n<td style=\"width: 349px; height: 23px;\"><strong>L\u00f8b<\/strong><\/td>\n<td style=\"width: 166px; height: 23px;\"><strong>Dato<\/strong><\/td>\n<\/tr>\n<tr style=\"height: 23px;\">\n<td style=\"width: 58px; height: 23px;\">1<\/td>\n<td style=\"width: 349px; height: 23px;\">Lisbeth Vinther<\/td>\n<td style=\"width: 160px; height: 23px;\">1.44.27<\/td>\n<td style=\"width: 349px; height: 23px;\">HC Andersen Odense<\/td>\n<td style=\"width: 166px; height: 23px;\">29.09.2019<\/td>\n<\/tr>\n<tr style=\"height: 23px;\">\n<td style=\"width: 58px; height: 23px;\">2<\/td>\n<td style=\"width: 349px; height: 23px;\">Inge Stenh\u00f8j Ottesen<\/td>\n<td style=\"width: 160px; height: 23px;\">1.45.11<\/td>\n<td style=\"width: 349px; height: 23px;\">HC Andersen Odense<\/td>\n<td style=\"width: 166px; height: 23px;\">29.09.2019<\/td>\n<\/tr>\n<tr style=\"height: 23px;\">\n<td style=\"width: 58px; height: 23px;\">2<\/td>\n<td style=\"width: 349px; height: 23px;\">Ulla K\u00f8ster<\/td>\n<td style=\"width: 160px; height: 23px;\">1.49.08<\/td>\n<td style=\"width: 349px; height: 23px;\">\u00c5rhus City 1\/2 Marathon<\/td>\n<td style=\"width: 166px; height: 23px;\">16.06.2019<\/td>\n<\/tr>\n<tr style=\"height: 23px;\">\n<td style=\"width: 58px; height: 23px;\">3<\/td>\n<td style=\"width: 349px; height: 23px;\">Lene Gisselmann J\u00f8rgensen<\/td>\n<td style=\"width: 160px; height: 23px;\">1.55.23<\/td>\n<td style=\"width: 349px; height: 23px;\">\u00c5rhus City 1\/2 Marathon<\/td>\n<td style=\"width: 166px; height: 23px;\">16.06.2019<\/td>\n<\/tr>\n<tr style=\"height: 23px;\">\n<td style=\"width: 58px; height: 23px;\">4<\/td>\n<td style=\"width: 349px; height: 23px;\">Helle S. Nielsen<\/td>\n<td style=\"width: 160px; height: 23px;\">1.59.20<\/td>\n<td style=\"width: 349px; height: 23px;\">Hannover<\/td>\n<td style=\"width: 166px; height: 23px;\">07.04.2019<\/td>\n<\/tr>\n<tr style=\"height: 23px;\">\n<td style=\"width: 58px; height: 23px;\">5<\/td>\n<td style=\"width: 349px; height: 23px;\">Reda Grazinskiene<\/td>\n<td style=\"width: 160px; height: 23px;\">2.00.04<\/td>\n<td style=\"width: 349px; height: 23px;\">Champagnel\u00f8bet 2019 i Silkeborg<\/td>\n<td style=\"width: 166px; height: 23px;\">31.12.2019<\/td>\n<\/tr>\n<tr style=\"height: 23px;\">\n<td style=\"width: 58px; height: 23px;\">6<\/td>\n<td style=\"width: 349px; height: 23px;\">Annette Hansen<\/td>\n<td style=\"width: 160px; height: 23px;\">2.09.25<\/td>\n<td style=\"width: 349px; height: 23px;\">\u00c5rhus City 1\/2 Marathon<\/td>\n<td style=\"width: 166px; height: 23px;\">16.06.2019<\/td>\n<\/tr>\n<tr style=\"height: 23px;\">\n<td style=\"width: 58px; height: 19px;\">7<\/td>\n<td style=\"width: 349px; height: 19px;\"><\/td>\n<td style=\"width: 160px; height: 19px;\"><\/td>\n<td style=\"width: 349px; height: 19px;\"><\/td>\n<td style=\"width: 166px; height: 19px;\"><\/td>\n<\/tr>\n<tr style=\"height: 23px;\">\n<td style=\"width: 1106px; height: 23px;\" colspan=\"5\"><\/td>\n<\/tr>\n<tr style=\"height: 23px;\">\n<td style=\"width: 1106px; height: 23px;\" colspan=\"5\"><\/td>\n<\/tr>\n<tr style=\"height: 23px;\">\n<td style=\"width: 1106px; height: 23px;\" colspan=\"5\"><\/td>\n<\/tr>\n<tr style=\"height: 23px;\">\n<td style=\"width: 1106px; height: 23px;\" colspan=\"5\"><strong>Herrer &#8211; Rangliste &#8211; Marathon &#8211; HGF<\/strong><\/td>\n<\/tr>\n<tr style=\"height: 23px;\">\n<td style=\"width: 58px; height: 23px;\"><strong>Nr.<\/strong><\/td>\n<td style=\"width: 349px; height: 23px;\"><strong>Navn<\/strong><\/td>\n<td style=\"width: 160px; height: 23px;\"><strong>Tid<\/strong><\/td>\n<td style=\"width: 349px; height: 23px;\"><strong>L\u00f8b<\/strong><\/td>\n<td style=\"width: 166px; height: 23px;\"><strong>Dato<\/strong><\/td>\n<\/tr>\n<tr style=\"height: 23px;\">\n<td style=\"width: 58px; height: 23px;\">1<\/td>\n<td style=\"width: 349px; height: 23px;\">Niels Ole Falbe-Hansen<\/td>\n<td style=\"width: 160px; height: 23px;\">3.12.55<\/td>\n<td style=\"width: 349px; height: 23px;\">CPH Marathon<\/td>\n<td style=\"width: 166px; height: 23px;\">19.05.2019<\/td>\n<\/tr>\n<tr style=\"height: 23px;\">\n<td style=\"width: 58px; height: 23px;\">2<\/td>\n<td style=\"width: 349px; height: 23px;\">Lars Julius<\/td>\n<td style=\"width: 160px; height: 23px;\">3.22.01<\/td>\n<td style=\"width: 349px; height: 23px;\">Hannover<\/td>\n<td style=\"width: 166px; height: 23px;\">07.04.2019<\/td>\n<\/tr>\n<tr style=\"height: 23px;\">\n<td style=\"width: 58px; height: 23px;\">3<\/td>\n<td style=\"width: 349px; height: 23px;\">Torben Jensen<\/td>\n<td style=\"width: 160px; height: 23px;\">3.23.11<\/td>\n<td style=\"width: 349px; height: 23px;\">HC Andersen, Odense<\/td>\n<td style=\"width: 166px; height: 23px;\">29.09.2019<\/td>\n<\/tr>\n<tr style=\"height: 23px;\">\n<td style=\"width: 58px; height: 23px;\">4<\/td>\n<td style=\"width: 349px; height: 23px;\">Frits Olsen<\/td>\n<td style=\"width: 160px; height: 23px;\">3.37.16\u00a0 PR<\/td>\n<td style=\"width: 349px; height: 23px;\">CPH Marathon<\/td>\n<td style=\"width: 166px; height: 23px;\">19.05.2019<\/td>\n<\/tr>\n<tr style=\"height: 23px;\">\n<td style=\"width: 58px; height: 23px;\">5<\/td>\n<td style=\"width: 349px; height: 23px;\">Bo S\u00f8rensen<\/td>\n<td style=\"width: 160px; height: 23px;\">3.40.06\u00a0 PR<\/td>\n<td style=\"width: 349px; height: 23px;\">Valencia<\/td>\n<td style=\"width: 166px; height: 23px;\">01.12.2019<\/td>\n<\/tr>\n<tr style=\"height: 23px;\">\n<td style=\"width: 58px; height: 23px;\">6<\/td>\n<td style=\"width: 349px; height: 23px;\">Lars Vilhelmsen<\/td>\n<td style=\"width: 160px; height: 23px;\">3.43.15<\/td>\n<td style=\"width: 349px; height: 23px;\">Hamborg<\/td>\n<td style=\"width: 166px; height: 23px;\">28.04.2019<\/td>\n<\/tr>\n<tr style=\"height: 23px;\">\n<td style=\"width: 58px; height: 23px;\">7<\/td>\n<td style=\"width: 349px; height: 23px;\">Lars Simonsen<\/td>\n<td style=\"width: 160px; height: 23px;\">3.55.08<\/td>\n<td style=\"width: 349px; height: 23px;\">Dr. Nielsen Vejle<\/td>\n<td style=\"width: 166px; height: 23px;\">20.01.2019<\/td>\n<\/tr>\n<tr style=\"height: 23px;\">\n<td style=\"width: 58px; height: 23px;\">8<\/td>\n<td style=\"width: 349px; height: 23px;\">Jesper Balker<\/td>\n<td style=\"width: 160px; height: 23px;\">4.11.36<\/td>\n<td style=\"width: 349px; height: 23px;\">CPH Marathon<\/td>\n<td style=\"width: 166px; height: 23px;\">19.05.2019<\/td>\n<\/tr>\n<tr style=\"height: 23px;\">\n<td style=\"width: 58px; height: 23px;\">9<\/td>\n<td style=\"width: 349px; height: 23px;\">Ole Fogh Nielsen<\/td>\n<td style=\"width: 160px; height: 23px;\">4.29.17<\/td>\n<td style=\"width: 349px; height: 23px;\">HC Andersen Odense<\/td>\n<td style=\"width: 166px; height: 23px;\">29.09.2019<\/td>\n<\/tr>\n<tr style=\"height: 23px;\">\n<td style=\"width: 58px; height: 23px;\">10<\/td>\n<td style=\"width: 349px; height: 23px;\"><\/td>\n<td style=\"width: 160px; height: 23px;\"><\/td>\n<td style=\"width: 349px; height: 23px;\"><\/td>\n<td style=\"width: 166px; height: 23px;\"><\/td>\n<\/tr>\n<tr style=\"height: 23px;\">\n<td style=\"width: 58px; height: 23px;\">11<\/td>\n<td style=\"width: 349px; height: 23px;\"><\/td>\n<td style=\"width: 160px; height: 23px;\"><\/td>\n<td style=\"width: 349px; height: 23px;\"><\/td>\n<td style=\"width: 166px; height: 23px;\"><\/td>\n<\/tr>\n<tr style=\"height: 23px;\">\n<td style=\"width: 58px; height: 23px;\">12<\/td>\n<td style=\"width: 349px; height: 23px;\"><\/td>\n<td style=\"width: 160px; height: 23px;\"><\/td>\n<td style=\"width: 349px; height: 23px;\"><\/td>\n<td style=\"width: 166px; height: 23px;\"><\/td>\n<\/tr>\n<tr style=\"height: 23px;\">\n<td style=\"width: 58px; height: 23px;\">13<\/td>\n<td style=\"width: 349px; height: 23px;\"><\/td>\n<td style=\"width: 160px; height: 23px;\"><\/td>\n<td style=\"width: 349px; height: 23px;\"><\/td>\n<td style=\"width: 166px; height: 23px;\"><\/td>\n<\/tr>\n<tr style=\"height: 23px;\">\n<td style=\"width: 1106px; height: 23px;\" colspan=\"5\"><\/td>\n<\/tr>\n<tr style=\"height: 23px;\">\n<td style=\"width: 1106px; height: 23px;\" colspan=\"5\"><\/td>\n<\/tr>\n<tr style=\"height: 23px;\">\n<td style=\"width: 1106px; height: 23px;\" colspan=\"5\"><\/td>\n<\/tr>\n<tr style=\"height: 23px;\">\n<td style=\"width: 1106px; height: 23px;\" colspan=\"5\"><strong>Damer &#8211; Rangliste &#8211; Marathon &#8211; HGF<\/strong><\/td>\n<\/tr>\n<tr style=\"height: 23px;\">\n<td style=\"width: 58px; height: 23px;\"><strong>Nr.<\/strong><\/td>\n<td style=\"width: 349px; height: 23px;\"><strong>Navn<\/strong><\/td>\n<td style=\"width: 160px; height: 23px;\"><strong>Tid<\/strong><\/td>\n<td style=\"width: 349px; height: 23px;\"><strong>L\u00f8b<\/strong><\/td>\n<td style=\"width: 166px; height: 23px;\"><strong>Dato<\/strong><\/td>\n<\/tr>\n<tr style=\"height: 23px;\">\n<td style=\"width: 58px; height: 23px;\">1<\/td>\n<td style=\"width: 349px; height: 23px;\">Inge \u00d8ster<\/td>\n<td style=\"width: 160px; height: 23px;\">3.35.31<\/td>\n<td style=\"width: 349px; height: 23px;\">HC Andersen Odense<\/td>\n<td style=\"width: 166px; height: 23px;\">29.09.2019<\/td>\n<\/tr>\n<tr style=\"height: 23px;\">\n<td style=\"width: 58px; height: 23px;\">2<\/td>\n<td style=\"width: 349px; height: 23px;\">Helle Langkj\u00e6r<\/td>\n<td style=\"width: 160px; height: 23px;\">3.55.12<\/td>\n<td style=\"width: 349px; height: 23px;\">HC Andersen Odense<\/td>\n<td style=\"width: 166px; height: 23px;\">29.09.2019<\/td>\n<\/tr>\n<tr style=\"height: 23px;\">\n<td style=\"width: 58px; height: 23px;\">1<\/td>\n<td style=\"width: 349px; height: 23px;\">Anette Kehlet Jensen<\/td>\n<td style=\"width: 160px; height: 23px;\">8.10.00<\/td>\n<td style=\"width: 349px; height: 23px;\">New York Marathon<\/td>\n<td style=\"width: 166px; height: 23px;\">03.11.2019<\/td>\n<\/tr>\n<tr style=\"height: 23px;\">\n<td style=\"width: 58px; height: 23px;\">2<\/td>\n<td style=\"width: 349px; height: 23px;\"><\/td>\n<td style=\"width: 160px; height: 23px;\"><\/td>\n<td style=\"width: 349px; height: 23px;\"><\/td>\n<td style=\"width: 166px; height: 23px;\"><\/td>\n<\/tr>\n<tr style=\"height: 23px;\">\n<td style=\"height: 23px; width: 1106px;\" colspan=\"5\"><\/td>\n<\/tr>\n<tr style=\"height: 23px;\">\n<td style=\"width: 1106px; height: 23px;\" colspan=\"5\"><\/td>\n<\/tr>\n<tr style=\"height: 23px;\">\n<td style=\"width: 1106px; height: 23px;\" colspan=\"5\"><strong>Herrer &#8211; Rangliste &#8211; 100 km &#8211; HGF<\/strong><\/td>\n<\/tr>\n<tr style=\"height: 23px;\">\n<td style=\"width: 58px; height: 23px;\"><strong>Nr.<\/strong><\/td>\n<td style=\"width: 349px; height: 23px;\"><strong>Navn<\/strong><\/td>\n<td style=\"width: 160px; height: 23px;\"><strong>Tid<\/strong><\/td>\n<td style=\"width: 349px; height: 23px;\"><strong>L\u00f8b<\/strong><\/td>\n<td style=\"width: 166px; height: 23px;\"><strong>Dato<\/strong><\/td>\n<\/tr>\n<tr style=\"height: 23px;\">\n<td style=\"width: 58px; height: 23px;\">1<\/td>\n<td style=\"width: 349px; height: 23px;\">Lars Simonsen<\/td>\n<td style=\"width: 160px; height: 23px;\">13.10.00<\/td>\n<td style=\"width: 349px; height: 23px;\">Kjellerup Special 100 km<\/td>\n<td style=\"width: 166px; height: 23px;\">12.10.2019<\/td>\n<\/tr>\n<tr style=\"height: 23px;\">\n<td style=\"width: 58px; height: 23px;\">2<\/td>\n<td style=\"width: 349px; height: 23px;\"><\/td>\n<td style=\"width: 160px; height: 23px;\"><\/td>\n<td style=\"width: 349px; height: 23px;\"><\/td>\n<td style=\"width: 166px; height: 23px;\"><\/td>\n<\/tr>\n<tr style=\"height: 23px;\">\n<td style=\"width: 1106px; height: 23px;\" colspan=\"5\"><\/td>\n<\/tr>\n<tr style=\"height: 23px;\">\n<td style=\"width: 1106px; height: 23px;\" colspan=\"5\"><\/td>\n<\/tr>\n<tr style=\"height: 23px;\">\n<td style=\"width: 1106px; height: 23px;\" colspan=\"5\"><strong>Herrer &#8211; Rangliste &#8211; 6 timers l\u00f8b &#8211; HGF<\/strong><\/td>\n<\/tr>\n<tr style=\"height: 23px;\">\n<td style=\"width: 58px; height: 23px;\"><strong>Nr.<\/strong><\/td>\n<td style=\"width: 349px; height: 23px;\"><strong>Navn<\/strong><\/td>\n<td style=\"width: 160px; height: 23px;\"><strong>KM<\/strong><\/td>\n<td style=\"width: 349px; height: 23px;\"><strong>L\u00f8b<\/strong><\/td>\n<td style=\"width: 166px; height: 23px;\"><strong>Dato<\/strong><\/td>\n<\/tr>\n<tr style=\"height: 23px;\">\n<td style=\"width: 58px; height: 23px;\">1<\/td>\n<td style=\"width: 349px; height: 23px;\">Torben Jensen<\/td>\n<td style=\"width: 160px; height: 23px;\">62,443<\/td>\n<td style=\"width: 349px; height: 23px;\">6 Timers l\u00f8b Gren\u00e5<\/td>\n<td style=\"width: 166px; height: 23px;\">16.11.2019<\/td>\n<\/tr>\n<tr style=\"height: 23px;\">\n<td style=\"width: 58px; height: 23px;\">2<\/td>\n<td style=\"width: 349px; height: 23px;\"><\/td>\n<td style=\"width: 160px; height: 23px;\"><\/td>\n<td style=\"width: 349px; height: 23px;\"><\/td>\n<td style=\"width: 166px; height: 23px;\"><\/td>\n<\/tr>\n<tr style=\"height: 23px;\">\n<td style=\"width: 1106px; height: 23px;\" colspan=\"5\"><\/td>\n<\/tr>\n<tr style=\"height: 23px;\">\n<td style=\"width: 1106px; height: 23px;\" colspan=\"5\"><strong>Damer &#8211; Rangliste &#8211; 6 timers l\u00f8b &#8211; HGF<\/strong><\/td>\n<\/tr>\n<tr style=\"height: 23px;\">\n<td style=\"width: 58px; height: 23px;\"><strong>Nr.<\/strong><\/td>\n<td style=\"width: 349px; height: 23px;\"><strong>Navn<\/strong><\/td>\n<td style=\"width: 160px; height: 23px;\"><strong>KM<\/strong><\/td>\n<td style=\"width: 349px; height: 23px;\"><strong>L\u00f8b<\/strong><\/td>\n<td style=\"width: 166px; height: 23px;\"><strong>Dato<\/strong><\/td>\n<\/tr>\n<tr style=\"height: 23px;\">\n<td style=\"width: 58px; height: 23px;\">1<\/td>\n<td style=\"width: 349px; height: 23px;\"><\/td>\n<td style=\"width: 160px; height: 23px;\"><\/td>\n<td style=\"width: 349px; height: 23px;\"><\/td>\n<td style=\"width: 166px; height: 23px;\"><\/td>\n<\/tr>\n<tr style=\"height: 23px;\">\n<td style=\"width: 58px; height: 23px;\">2<\/td>\n<td style=\"width: 349px; height: 23px;\"><\/td>\n<td style=\"width: 160px; height: 23px;\"><\/td>\n<td style=\"width: 349px; height: 23px;\"><\/td>\n<td style=\"width: 166px; height: 23px;\"><\/td>\n<\/tr>\n<tr style=\"height: 23px;\">\n<td style=\"width: 1106px; height: 23px;\" colspan=\"5\"><\/td>\n<\/tr>\n<tr style=\"height: 23px;\">\n<td style=\"width: 1106px; height: 23px;\" colspan=\"5\"><strong>Herrer &#8211; Rangliste &#8211; 12 timers l\u00f8b &#8211; HGF<\/strong><\/td>\n<\/tr>\n<tr style=\"height: 23px;\">\n<td style=\"width: 58px; height: 23px;\"><strong>Nr.<\/strong><\/td>\n<td style=\"width: 349px; height: 23px;\"><strong>Navn<\/strong><\/td>\n<td style=\"width: 160px; height: 23px;\"><strong>KM<\/strong><\/td>\n<td style=\"width: 349px; height: 23px;\"><strong>L\u00f8b<\/strong><\/td>\n<td style=\"width: 166px; height: 23px;\"><strong>Dato<\/strong><\/td>\n<\/tr>\n<tr style=\"height: 23px;\">\n<td style=\"width: 58px; height: 23px;\">1<\/td>\n<td style=\"width: 349px; height: 23px;\">Torben Jensen<\/td>\n<td style=\"width: 160px; height: 23px;\">108<\/td>\n<td style=\"width: 349px; height: 23px;\">Viborg 24 Timer<\/td>\n<td style=\"width: 166px; height: 23px;\">17.08.2019<\/td>\n<\/tr>\n<tr style=\"height: 23px;\">\n<td style=\"width: 58px; height: 23px;\">2<\/td>\n<td style=\"width: 349px; height: 23px;\"><\/td>\n<td style=\"width: 160px; height: 23px;\"><\/td>\n<td style=\"width: 349px; height: 23px;\"><\/td>\n<td style=\"width: 166px; height: 23px;\"><\/td>\n<\/tr>\n<tr style=\"height: 23px;\">\n<td style=\"width: 1106px; height: 23px;\" colspan=\"5\"><\/td>\n<\/tr>\n<tr style=\"height: 23px;\">\n<td style=\"width: 1106px; height: 23px;\" colspan=\"5\"><strong>Damer &#8211; Rangliste &#8211; 12 timers l\u00f8b &#8211; HGF<\/strong><\/td>\n<\/tr>\n<tr style=\"height: 23px;\">\n<td style=\"width: 58px; height: 23px;\"><strong>Nr.<\/strong><\/td>\n<td style=\"width: 349px; height: 23px;\"><strong>Navn<\/strong><\/td>\n<td style=\"width: 160px; height: 23px;\"><strong>Tid<\/strong><\/td>\n<td style=\"width: 349px; height: 23px;\"><strong>L\u00f8b<\/strong><\/td>\n<td style=\"width: 166px; height: 23px;\"><strong>Dato<\/strong><\/td>\n<\/tr>\n<tr style=\"height: 23px;\">\n<td style=\"width: 58px; height: 23px;\">1<\/td>\n<td style=\"width: 349px; height: 23px;\"><\/td>\n<td style=\"width: 160px; height: 23px;\"><\/td>\n<td style=\"width: 349px; height: 23px;\"><\/td>\n<td style=\"width: 166px; height: 23px;\"><\/td>\n<\/tr>\n<tr style=\"height: 23px;\">\n<td style=\"width: 58px; height: 23px;\">2<\/td>\n<td style=\"width: 349px; height: 23px;\"><\/td>\n<td style=\"width: 160px; height: 23px;\"><\/td>\n<td style=\"width: 349px; height: 23px;\"><\/td>\n<td style=\"width: 166px; height: 23px;\"><\/td>\n<\/tr>\n<tr style=\"height: 23px;\">\n<td style=\"width: 1106px; height: 23px;\" colspan=\"5\"><\/td>\n<\/tr>\n<tr style=\"height: 23px;\">\n<td style=\"width: 1106px; height: 23px;\" colspan=\"5\"><strong>Herrer &#8211; Rangliste &#8211; 24 timers l\u00f8b &#8211; HGF<\/strong><\/td>\n<\/tr>\n<tr style=\"height: 23px;\">\n<td style=\"width: 58px; height: 23px;\"><strong>Nr.<\/strong><\/td>\n<td style=\"width: 349px; height: 23px;\"><strong>Navn<\/strong><\/td>\n<td style=\"width: 160px; height: 23px;\"><strong>KM<\/strong><\/td>\n<td style=\"width: 349px; height: 23px;\"><strong>L\u00f8b<\/strong><\/td>\n<td style=\"width: 166px; height: 23px;\"><strong>Dato<\/strong><\/td>\n<\/tr>\n<tr style=\"height: 23px;\">\n<td style=\"width: 58px; height: 23px;\">1<\/td>\n<td style=\"width: 349px; height: 23px;\">Torben Jensen<\/td>\n<td style=\"width: 160px; height: 23px;\">149.106<\/td>\n<td style=\"width: 349px; height: 23px;\">24 Timer ved havet, S\u00e6by<\/td>\n<td style=\"width: 166px; height: 23px;\">01.06.2019<\/td>\n<\/tr>\n<tr style=\"height: 23px;\">\n<td style=\"width: 58px; height: 23px;\">2<\/td>\n<td style=\"width: 349px; height: 23px;\">Lars Simonsen<\/td>\n<td style=\"width: 160px; height: 23px;\">108<\/td>\n<td style=\"width: 349px; height: 23px;\">Viborg 24 timer<\/td>\n<td style=\"width: 166px; height: 23px;\">17.08.2019<\/td>\n<\/tr>\n<tr style=\"height: 23px;\">\n<td style=\"width: 1106px; height: 23px;\" colspan=\"5\"><\/td>\n<\/tr>\n<tr style=\"height: 23px;\">\n<td style=\"width: 1106px; height: 23px;\" colspan=\"5\"><strong>Damer &#8211; Rangliste &#8211; 24 timers l\u00f8b &#8211; HGF<\/strong><\/td>\n<\/tr>\n<tr style=\"height: 23px;\">\n<td style=\"width: 58px; height: 23px;\"><strong>Nr.<\/strong><\/td>\n<td style=\"width: 349px; height: 23px;\"><strong>Navn<\/strong><\/td>\n<td style=\"width: 160px; height: 23px;\"><strong>Tid<\/strong><\/td>\n<td style=\"width: 349px; height: 23px;\"><strong>L\u00f8b<\/strong><\/td>\n<td style=\"width: 166px; height: 23px;\"><strong>Dato<\/strong><\/td>\n<\/tr>\n<tr style=\"height: 23px;\">\n<td style=\"width: 58px; height: 23px;\">1<\/td>\n<td style=\"width: 349px; height: 23px;\">Anette Kehlet Jensen<\/td>\n<td style=\"width: 160px; height: 23px;\">53.896<\/td>\n<td style=\"width: 349px; height: 23px;\">24 timer ved havet, S\u00e6by<\/td>\n<td style=\"width: 166px; height: 23px;\">01.06.2019<\/td>\n<\/tr>\n<tr style=\"height: 23px;\">\n<td style=\"width: 58px; height: 23px;\">2<\/td>\n<td style=\"width: 349px; height: 23px;\"><\/td>\n<td style=\"width: 160px; height: 23px;\"><\/td>\n<td style=\"width: 349px; height: 23px;\"><\/td>\n<td style=\"width: 166px; height: 23px;\"><\/td>\n<\/tr>\n<tr style=\"height: 23px;\">\n<td style=\"width: 1106px; height: 23px;\" colspan=\"5\"><\/td>\n<\/tr>\n<\/tbody>\n<\/table>\n<p>&nbsp;<\/p>\n<p>&nbsp;<\/p>\n","protected":false},"excerpt":{"rendered":"<p>&nbsp; Herrer &#8211; Rangliste &#8211; 10 km &#8211; HGF Nr. Navn Tid L\u00f8b Dato 1 Niels Ole Falbe-Hansen 39.19 Royal Run Aarhus 10.06.2019 2 Torben Jensen 41.26 Royal Run Aarhus 10.06.2019 3 Lars Julius 44.18 10 Km Klubmesterskab 16.11.2019 4 Jan Nissen 44.55 10 Km Klubmesterskab 16.11.2019 5 Simon Boye Poulsen 45.53 10 Km Klubmesterskab [&hellip;]<\/p>\n","protected":false},"author":18,"featured_media":0,"parent":0,"menu_order":0,"comment_status":"closed","ping_status":"closed","template":"","meta":{"_et_pb_use_builder":"","_et_pb_old_content":"","_et_gb_content_width":""},"yoast_head":"<!-- This site is optimized with the Yoast SEO plugin v20.9 - https:\/\/yoast.com\/wordpress\/plugins\/seo\/ -->\n<title>2019 - L\u00f8b &amp; Motion<\/title>\n<meta name=\"robots\" content=\"index, follow, max-snippet:-1, max-image-preview:large, max-video-preview:-1\" \/>\n<link rel=\"canonical\" href=\"https:\/\/hgfhammel.dk\/loeb\/2019-2\/\" \/>\n<meta property=\"og:locale\" content=\"da_DK\" \/>\n<meta property=\"og:type\" content=\"article\" \/>\n<meta property=\"og:title\" content=\"2019 - L\u00f8b &amp; Motion\" \/>\n<meta property=\"og:description\" content=\"&nbsp; Herrer &#8211; Rangliste &#8211; 10 km &#8211; HGF Nr. Navn Tid L\u00f8b Dato 1 Niels Ole Falbe-Hansen 39.19 Royal Run Aarhus 10.06.2019 2 Torben Jensen 41.26 Royal Run Aarhus 10.06.2019 3 Lars Julius 44.18 10 Km Klubmesterskab 16.11.2019 4 Jan Nissen 44.55 10 Km Klubmesterskab 16.11.2019 5 Simon Boye Poulsen 45.53 10 Km Klubmesterskab [&hellip;]\" \/>\n<meta property=\"og:url\" content=\"https:\/\/hgfhammel.dk\/loeb\/2019-2\/\" \/>\n<meta property=\"og:site_name\" content=\"L\u00f8b &amp; Motion\" \/>\n<meta property=\"article:modified_time\" content=\"2020-01-12T11:37:21+00:00\" \/>\n<meta name=\"twitter:card\" content=\"summary_large_image\" \/>\n<meta name=\"twitter:label1\" content=\"Estimeret l\u00e6setid\" \/>\n\t<meta name=\"twitter:data1\" content=\"3 minutter\" \/>\n<!-- \/ Yoast SEO plugin. -->","yoast_head_json":{"title":"2019 - L\u00f8b &amp; Motion","robots":{"index":"index","follow":"follow","max-snippet":"max-snippet:-1","max-image-preview":"max-image-preview:large","max-video-preview":"max-video-preview:-1"},"canonical":"https:\/\/hgfhammel.dk\/loeb\/2019-2\/","og_locale":"da_DK","og_type":"article","og_title":"2019 - L\u00f8b &amp; Motion","og_description":"&nbsp; Herrer &#8211; Rangliste &#8211; 10 km &#8211; HGF Nr. Navn Tid L\u00f8b Dato 1 Niels Ole Falbe-Hansen 39.19 Royal Run Aarhus 10.06.2019 2 Torben Jensen 41.26 Royal Run Aarhus 10.06.2019 3 Lars Julius 44.18 10 Km Klubmesterskab 16.11.2019 4 Jan Nissen 44.55 10 Km Klubmesterskab 16.11.2019 5 Simon Boye Poulsen 45.53 10 Km Klubmesterskab [&hellip;]","og_url":"https:\/\/hgfhammel.dk\/loeb\/2019-2\/","og_site_name":"L\u00f8b &amp; Motion","article_modified_time":"2020-01-12T11:37:21+00:00","twitter_card":"summary_large_image","twitter_misc":{"Estimeret l\u00e6setid":"3 minutter"},"schema":{"@context":"https:\/\/schema.org","@graph":[{"@type":"WebPage","@id":"https:\/\/hgfhammel.dk\/loeb\/2019-2\/","url":"https:\/\/hgfhammel.dk\/loeb\/2019-2\/","name":"2019 - L\u00f8b &amp; Motion","isPartOf":{"@id":"https:\/\/hgfhammel.dk\/loeb\/#website"},"datePublished":"2020-01-12T11:30:53+00:00","dateModified":"2020-01-12T11:37:21+00:00","breadcrumb":{"@id":"https:\/\/hgfhammel.dk\/loeb\/2019-2\/#breadcrumb"},"inLanguage":"da-DK","potentialAction":[{"@type":"ReadAction","target":["https:\/\/hgfhammel.dk\/loeb\/2019-2\/"]}]},{"@type":"BreadcrumbList","@id":"https:\/\/hgfhammel.dk\/loeb\/2019-2\/#breadcrumb","itemListElement":[{"@type":"ListItem","position":1,"name":"Hjem","item":"https:\/\/hgfhammel.dk\/loeb\/"},{"@type":"ListItem","position":2,"name":"2019"}]},{"@type":"WebSite","@id":"https:\/\/hgfhammel.dk\/loeb\/#website","url":"https:\/\/hgfhammel.dk\/loeb\/","name":"L\u00f8b &amp; Motion","description":"L\u00f8b &amp; Motion","potentialAction":[{"@type":"SearchAction","target":{"@type":"EntryPoint","urlTemplate":"https:\/\/hgfhammel.dk\/loeb\/?s={search_term_string}"},"query-input":"required name=search_term_string"}],"inLanguage":"da-DK"}]}},"_links":{"self":[{"href":"https:\/\/hgfhammel.dk\/loeb\/wp-json\/wp\/v2\/pages\/2873"}],"collection":[{"href":"https:\/\/hgfhammel.dk\/loeb\/wp-json\/wp\/v2\/pages"}],"about":[{"href":"https:\/\/hgfhammel.dk\/loeb\/wp-json\/wp\/v2\/types\/page"}],"author":[{"embeddable":true,"href":"https:\/\/hgfhammel.dk\/loeb\/wp-json\/wp\/v2\/users\/18"}],"replies":[{"embeddable":true,"href":"https:\/\/hgfhammel.dk\/loeb\/wp-json\/wp\/v2\/comments?post=2873"}],"version-history":[{"count":0,"href":"https:\/\/hgfhammel.dk\/loeb\/wp-json\/wp\/v2\/pages\/2873\/revisions"}],"wp:attachment":[{"href":"https:\/\/hgfhammel.dk\/loeb\/wp-json\/wp\/v2\/media?parent=2873"}],"curies":[{"name":"wp","href":"https:\/\/api.w.org\/{rel}","templated":true}]}}